{"id":827,"date":"2022-04-22T16:43:02","date_gmt":"2022-04-22T14:43:02","guid":{"rendered":"https:\/\/frauwolle.at\/2022_wp_pxl\/?post_type=mec-events&#038;p=827"},"modified":"2022-11-03T10:46:12","modified_gmt":"2022-11-03T09:46:12","slug":"ein-abend-gemeinsam-mit-frederik-mellak","status":"publish","type":"mec-events","link":"https:\/\/frauwolle.at\/en_uk\/events\/ein-abend-gemeinsam-mit-frederik-mellak\/","title":{"rendered":"Ein Herz wie ein Haus \u2026 Erz\u00e4hlkunstwanderung"},"content":{"rendered":"<h2 class=\"p1\">V\u00f6gel als Boten der Freiheit<br \/>\n<strong>mit Frau Wolle und <a href=\"https:\/\/www.freudeanmaerchen.at\/\" target=\"_blank\" rel=\"noopener\">Frederik Mellak<\/a><\/strong><\/h2>\n<p><span class=\"s1\"> <img loading=\"lazy\" decoding=\"async\" class=\"size-medium wp-image-1469 aligncenter\" src=\"https:\/\/frauwolle.at\/wp-content\/uploads\/2022\/04\/2Rabenfliegen-300x213.jpg\" alt=\"\" width=\"300\" height=\"213\" \/> Vom kleinsten Vogel im gr\u00f6\u00dften Sturm, von 12 Br\u00fcdern mit Fl\u00fcgeln, von den himmlischen Farben der Federn und davon, wie der Specht einen jungen Mann lehrt, die Liebe seiner Angebeteten zu gewinnen. Die Wesen der L\u00fcfte laden uns ein, das Leben leicht und spielerisch zu nehmen. Zwischen den Erz\u00e4hlungen, dem Wasserglucksen und Vogelgesang erklingen Fl\u00f6te und Maultrommel.<\/span><\/p>\n<p><span class=\"s1\">Eintritt: \u20ac 16,\u2013 f\u00fcr Erwachsene, \u20ac 10,\u2013 f\u00fcr Kinder, Erm\u00e4\u00dfigung f\u00fcr Familien mit mehr als einem Kind. Altersgrenze (bitte beachten) ab 8 Jahren.<\/span><\/p>\n<p><span class=\"s1\">Mitbringen: Wanderschuhe, Sitzkissen, Regenschutz<br \/>\n<\/span><span class=\"s1\"><strong>leider nicht mit dem Rollstuhl m\u00f6glich<\/strong><br \/>\nAnmeldung:\u00a0<a href=\"mailto:frederik.mellak@aon.at\"><span class=\"s2\">frederik.mellak@aon.at<\/span><\/a>\u00a0 <a href=\"tel:+436509108888\">+43 650 9108888<\/a><\/span><\/p>\n<p><span class=\"s1\">Bei Regen findet die Veranstaltung als Erz\u00e4hlkonzert im Cursaaluntergescho\u00df statt<br \/>\n<\/span><\/p>\n<p><span class=\"s1\">Das Rabenbild aus dem Buch <a href=\"https:\/\/frauwolle.at\/en_uk\/koenigin-herzenslust\/\">&#8222;K\u00f6nigin Herzenslust&#8220;<\/a> und wurde von <a href=\"http:\/\/www.byhand.at\/\">Almuth Mota<\/a> gemalt.<\/span><\/p>","protected":false},"excerpt":{"rendered":"<p>V\u00f6gel als Boten der Freiheit mit Frau Wolle und Frederik Mellak Vom kleinsten Vogel im gr\u00f6\u00dften Sturm, von 12 Br\u00fcdern mit Fl\u00fcgeln, von den himmlischen Farben der Federn und davon, [&hellip;]<\/p>\n","protected":false},"author":1,"featured_media":0,"comment_status":"closed","ping_status":"closed","template":"single-no-separators-wannwo","tags":[],"mec_category":[15,14],"class_list":["post-827","mec-events","type-mec-events","status-publish","hentry","mec_category-oeffentlich","mec_category-vergebene-termine"],"yoast_head":"<!-- This site is optimized with the Yoast SEO plugin v27.5 - https:\/\/yoast.com\/product\/yoast-seo-wordpress\/ -->\n<title>Ein Herz wie ein Haus \u2026 Erz\u00e4hlkunstwanderung - M\u00e4rchenerz\u00e4hlerin Frau Wolle<\/title>\n<meta name=\"robots\" content=\"index, follow, max-snippet:-1, max-image-preview:large, max-video-preview:-1\" \/>\n<link rel=\"canonical\" href=\"https:\/\/frauwolle.at\/en_uk\/events\/ein-abend-gemeinsam-mit-frederik-mellak\/\" \/>\n<meta property=\"og:locale\" content=\"en_US\" \/>\n<meta property=\"og:type\" content=\"article\" \/>\n<meta property=\"og:title\" content=\"Ein Herz wie ein Haus \u2026 Erz\u00e4hlkunstwanderung - M\u00e4rchenerz\u00e4hlerin Frau Wolle\" \/>\n<meta property=\"og:description\" content=\"V\u00f6gel als Boten der Freiheit mit Frau Wolle und Frederik Mellak Vom kleinsten Vogel im gr\u00f6\u00dften Sturm, von 12 Br\u00fcdern mit Fl\u00fcgeln, von den himmlischen Farben der Federn und davon, [&hellip;]\" \/>\n<meta property=\"og:url\" content=\"https:\/\/frauwolle.at\/en_uk\/events\/ein-abend-gemeinsam-mit-frederik-mellak\/\" \/>\n<meta property=\"og:site_name\" content=\"M\u00e4rchenerz\u00e4hlerin Frau Wolle\" \/>\n<meta property=\"article:modified_time\" content=\"2022-11-03T09:46:12+00:00\" \/>\n<meta property=\"og:image\" content=\"https:\/\/frauwolle.at\/wp-content\/uploads\/2022\/04\/2Rabenfliegen-300x213.jpg\" \/>\n<meta name=\"twitter:card\" content=\"summary_large_image\" \/>\n<meta name=\"twitter:label1\" content=\"Est. reading time\" \/>\n\t<meta name=\"twitter:data1\" content=\"1 minute\" \/>\n<script type=\"application\/ld+json\" class=\"yoast-schema-graph\">{\"@context\":\"https:\\\/\\\/schema.org\",\"@graph\":[{\"@type\":\"WebPage\",\"@id\":\"https:\\\/\\\/frauwolle.at\\\/events\\\/ein-abend-gemeinsam-mit-frederik-mellak\\\/\",\"url\":\"https:\\\/\\\/frauwolle.at\\\/events\\\/ein-abend-gemeinsam-mit-frederik-mellak\\\/\",\"name\":\"Ein Herz wie ein Haus \u2026 Erz\u00e4hlkunstwanderung - M\u00e4rchenerz\u00e4hlerin Frau Wolle\",\"isPartOf\":{\"@id\":\"https:\\\/\\\/frauwolle.at\\\/#website\"},\"primaryImageOfPage\":{\"@id\":\"https:\\\/\\\/frauwolle.at\\\/events\\\/ein-abend-gemeinsam-mit-frederik-mellak\\\/#primaryimage\"},\"image\":{\"@id\":\"https:\\\/\\\/frauwolle.at\\\/events\\\/ein-abend-gemeinsam-mit-frederik-mellak\\\/#primaryimage\"},\"thumbnailUrl\":\"https:\\\/\\\/frauwolle.at\\\/wp-content\\\/uploads\\\/2022\\\/04\\\/2Rabenfliegen-300x213.jpg\",\"datePublished\":\"2022-04-22T14:43:02+00:00\",\"dateModified\":\"2022-11-03T09:46:12+00:00\",\"breadcrumb\":{\"@id\":\"https:\\\/\\\/frauwolle.at\\\/events\\\/ein-abend-gemeinsam-mit-frederik-mellak\\\/#breadcrumb\"},\"inLanguage\":\"en-UK\",\"potentialAction\":[{\"@type\":\"ReadAction\",\"target\":[\"https:\\\/\\\/frauwolle.at\\\/events\\\/ein-abend-gemeinsam-mit-frederik-mellak\\\/\"]}]},{\"@type\":\"ImageObject\",\"inLanguage\":\"en-UK\",\"@id\":\"https:\\\/\\\/frauwolle.at\\\/events\\\/ein-abend-gemeinsam-mit-frederik-mellak\\\/#primaryimage\",\"url\":\"https:\\\/\\\/frauwolle.at\\\/wp-content\\\/uploads\\\/2022\\\/04\\\/2Rabenfliegen-300x213.jpg\",\"contentUrl\":\"https:\\\/\\\/frauwolle.at\\\/wp-content\\\/uploads\\\/2022\\\/04\\\/2Rabenfliegen-300x213.jpg\"},{\"@type\":\"BreadcrumbList\",\"@id\":\"https:\\\/\\\/frauwolle.at\\\/events\\\/ein-abend-gemeinsam-mit-frederik-mellak\\\/#breadcrumb\",\"itemListElement\":[{\"@type\":\"ListItem\",\"position\":1,\"name\":\"Startseite\",\"item\":\"https:\\\/\\\/frauwolle.at\\\/\"},{\"@type\":\"ListItem\",\"position\":2,\"name\":\"Veranstaltungen\",\"item\":\"https:\\\/\\\/frauwolle.at\\\/events\\\/\"},{\"@type\":\"ListItem\",\"position\":3,\"name\":\"Ein Herz wie ein Haus \u2026 Erz\u00e4hlkunstwanderung\"}]},{\"@type\":\"WebSite\",\"@id\":\"https:\\\/\\\/frauwolle.at\\\/#website\",\"url\":\"https:\\\/\\\/frauwolle.at\\\/\",\"name\":\"M\u00e4rchenerz\u00e4hlerin Frau Wolle\",\"description\":\"Erz\u00e4hlabende, B\u00fccher, Coaching\",\"publisher\":{\"@id\":\"https:\\\/\\\/frauwolle.at\\\/#\\\/schema\\\/person\\\/0b5b278292d8feda95d2b1707ce2c028\"},\"potentialAction\":[{\"@type\":\"SearchAction\",\"target\":{\"@type\":\"EntryPoint\",\"urlTemplate\":\"https:\\\/\\\/frauwolle.at\\\/?s={search_term_string}\"},\"query-input\":{\"@type\":\"PropertyValueSpecification\",\"valueRequired\":true,\"valueName\":\"search_term_string\"}}],\"inLanguage\":\"en-UK\"},{\"@type\":[\"Person\",\"Organization\"],\"@id\":\"https:\\\/\\\/frauwolle.at\\\/#\\\/schema\\\/person\\\/0b5b278292d8feda95d2b1707ce2c028\",\"name\":\"Frau Wolle\",\"image\":{\"@type\":\"ImageObject\",\"inLanguage\":\"en-UK\",\"@id\":\"https:\\\/\\\/frauwolle.at\\\/wp-content\\\/uploads\\\/2022\\\/07\\\/schriftzug-frau-wolle.png\",\"url\":\"https:\\\/\\\/frauwolle.at\\\/wp-content\\\/uploads\\\/2022\\\/07\\\/schriftzug-frau-wolle.png\",\"contentUrl\":\"https:\\\/\\\/frauwolle.at\\\/wp-content\\\/uploads\\\/2022\\\/07\\\/schriftzug-frau-wolle.png\",\"width\":1245,\"height\":412,\"caption\":\"Frau Wolle\"},\"logo\":{\"@id\":\"https:\\\/\\\/frauwolle.at\\\/wp-content\\\/uploads\\\/2022\\\/07\\\/schriftzug-frau-wolle.png\"},\"sameAs\":[\"https:\\\/\\\/www.youtube.com\\\/user\\\/FrauwolleKTscholl\"]}]}<\/script>\n<!-- \/ Yoast SEO plugin. -->","yoast_head_json":{"title":"Ein Herz wie ein Haus \u2026 Erz\u00e4hlkunstwanderung - M\u00e4rchenerz\u00e4hlerin Frau Wolle","robots":{"index":"index","follow":"follow","max-snippet":"max-snippet:-1","max-image-preview":"max-image-preview:large","max-video-preview":"max-video-preview:-1"},"canonical":"https:\/\/frauwolle.at\/en_uk\/events\/ein-abend-gemeinsam-mit-frederik-mellak\/","og_locale":"en_US","og_type":"article","og_title":"Ein Herz wie ein Haus \u2026 Erz\u00e4hlkunstwanderung - M\u00e4rchenerz\u00e4hlerin Frau Wolle","og_description":"V\u00f6gel als Boten der Freiheit mit Frau Wolle und Frederik Mellak Vom kleinsten Vogel im gr\u00f6\u00dften Sturm, von 12 Br\u00fcdern mit Fl\u00fcgeln, von den himmlischen Farben der Federn und davon, [&hellip;]","og_url":"https:\/\/frauwolle.at\/en_uk\/events\/ein-abend-gemeinsam-mit-frederik-mellak\/","og_site_name":"M\u00e4rchenerz\u00e4hlerin Frau Wolle","article_modified_time":"2022-11-03T09:46:12+00:00","og_image":[{"url":"https:\/\/frauwolle.at\/wp-content\/uploads\/2022\/04\/2Rabenfliegen-300x213.jpg","type":"","width":"","height":""}],"twitter_card":"summary_large_image","twitter_misc":{"Est. reading time":"1 minute"},"schema":{"@context":"https:\/\/schema.org","@graph":[{"@type":"WebPage","@id":"https:\/\/frauwolle.at\/events\/ein-abend-gemeinsam-mit-frederik-mellak\/","url":"https:\/\/frauwolle.at\/events\/ein-abend-gemeinsam-mit-frederik-mellak\/","name":"Ein Herz wie ein Haus \u2026 Erz\u00e4hlkunstwanderung - M\u00e4rchenerz\u00e4hlerin Frau Wolle","isPartOf":{"@id":"https:\/\/frauwolle.at\/#website"},"primaryImageOfPage":{"@id":"https:\/\/frauwolle.at\/events\/ein-abend-gemeinsam-mit-frederik-mellak\/#primaryimage"},"image":{"@id":"https:\/\/frauwolle.at\/events\/ein-abend-gemeinsam-mit-frederik-mellak\/#primaryimage"},"thumbnailUrl":"https:\/\/frauwolle.at\/wp-content\/uploads\/2022\/04\/2Rabenfliegen-300x213.jpg","datePublished":"2022-04-22T14:43:02+00:00","dateModified":"2022-11-03T09:46:12+00:00","breadcrumb":{"@id":"https:\/\/frauwolle.at\/events\/ein-abend-gemeinsam-mit-frederik-mellak\/#breadcrumb"},"inLanguage":"en-UK","potentialAction":[{"@type":"ReadAction","target":["https:\/\/frauwolle.at\/events\/ein-abend-gemeinsam-mit-frederik-mellak\/"]}]},{"@type":"ImageObject","inLanguage":"en-UK","@id":"https:\/\/frauwolle.at\/events\/ein-abend-gemeinsam-mit-frederik-mellak\/#primaryimage","url":"https:\/\/frauwolle.at\/wp-content\/uploads\/2022\/04\/2Rabenfliegen-300x213.jpg","contentUrl":"https:\/\/frauwolle.at\/wp-content\/uploads\/2022\/04\/2Rabenfliegen-300x213.jpg"},{"@type":"BreadcrumbList","@id":"https:\/\/frauwolle.at\/events\/ein-abend-gemeinsam-mit-frederik-mellak\/#breadcrumb","itemListElement":[{"@type":"ListItem","position":1,"name":"Startseite","item":"https:\/\/frauwolle.at\/"},{"@type":"ListItem","position":2,"name":"Veranstaltungen","item":"https:\/\/frauwolle.at\/events\/"},{"@type":"ListItem","position":3,"name":"Ein Herz wie ein Haus \u2026 Erz\u00e4hlkunstwanderung"}]},{"@type":"WebSite","@id":"https:\/\/frauwolle.at\/#website","url":"https:\/\/frauwolle.at\/","name":"Storyteller Frau Wolle","description":"Erz\u00e4hlabende, B\u00fccher, Coaching","publisher":{"@id":"https:\/\/frauwolle.at\/#\/schema\/person\/0b5b278292d8feda95d2b1707ce2c028"},"potentialAction":[{"@type":"SearchAction","target":{"@type":"EntryPoint","urlTemplate":"https:\/\/frauwolle.at\/?s={search_term_string}"},"query-input":{"@type":"PropertyValueSpecification","valueRequired":true,"valueName":"search_term_string"}}],"inLanguage":"en-UK"},{"@type":["Person","Organization"],"@id":"https:\/\/frauwolle.at\/#\/schema\/person\/0b5b278292d8feda95d2b1707ce2c028","name":"Frau Wolle","image":{"@type":"ImageObject","inLanguage":"en-UK","@id":"https:\/\/frauwolle.at\/wp-content\/uploads\/2022\/07\/schriftzug-frau-wolle.png","url":"https:\/\/frauwolle.at\/wp-content\/uploads\/2022\/07\/schriftzug-frau-wolle.png","contentUrl":"https:\/\/frauwolle.at\/wp-content\/uploads\/2022\/07\/schriftzug-frau-wolle.png","width":1245,"height":412,"caption":"Frau Wolle"},"logo":{"@id":"https:\/\/frauwolle.at\/wp-content\/uploads\/2022\/07\/schriftzug-frau-wolle.png"},"sameAs":["https:\/\/www.youtube.com\/user\/FrauwolleKTscholl"]}]}},"_links":{"self":[{"href":"https:\/\/frauwolle.at\/en_uk\/wp-json\/wp\/v2\/mec-events\/827","targetHints":{"allow":["GET"]}}],"collection":[{"href":"https:\/\/frauwolle.at\/en_uk\/wp-json\/wp\/v2\/mec-events"}],"about":[{"href":"https:\/\/frauwolle.at\/en_uk\/wp-json\/wp\/v2\/types\/mec-events"}],"author":[{"embeddable":true,"href":"https:\/\/frauwolle.at\/en_uk\/wp-json\/wp\/v2\/users\/1"}],"replies":[{"embeddable":true,"href":"https:\/\/frauwolle.at\/en_uk\/wp-json\/wp\/v2\/comments?post=827"}],"wp:attachment":[{"href":"https:\/\/frauwolle.at\/en_uk\/wp-json\/wp\/v2\/media?parent=827"}],"wp:term":[{"taxonomy":"post_tag","embeddable":true,"href":"https:\/\/frauwolle.at\/en_uk\/wp-json\/wp\/v2\/tags?post=827"},{"taxonomy":"mec_category","embeddable":true,"href":"https:\/\/frauwolle.at\/en_uk\/wp-json\/wp\/v2\/mec_category?post=827"}],"curies":[{"name":"wp","href":"https:\/\/api.w.org\/{rel}","templated":true}]}}