{"id":828,"date":"2022-04-22T16:43:24","date_gmt":"2022-04-22T14:43:24","guid":{"rendered":"https:\/\/frauwolle.at\/2022_wp_pxl\/?post_type=mec-events&#038;p=828"},"modified":"2022-11-03T10:45:39","modified_gmt":"2022-11-03T09:45:39","slug":"ein-abend-gemeinsam-mit-frederik-mellak-619","status":"publish","type":"mec-events","link":"https:\/\/frauwolle.at\/en_uk\/events\/ein-abend-gemeinsam-mit-frederik-mellak-619\/","title":{"rendered":"Wer das Leben liebt \u2026 Erz\u00e4hlkunstwanderung"},"content":{"rendered":"<p class=\"p1\"><img loading=\"lazy\" decoding=\"async\" class=\"size-medium wp-image-1470 alignleft\" src=\"https:\/\/frauwolle.at\/wp-content\/uploads\/2022\/04\/Wanderbuendel-300x61.jpg\" alt=\"\" width=\"300\" height=\"61\" \/>Hirten als Boten der Freiheit \u2013 Erz\u00e4hlkunstwanderung<br \/>\nmit Frau Wolle und <a href=\"https:\/\/www.freudeanmaerchen.at\/\" target=\"_blank\" rel=\"noopener\">Frederik Mellak\u00a0<\/a><\/p>\n<p><span class=\"s1\">Vom mutigen Hirten mit den Sternenaugen, von der Birkenfee und der H\u00fchnermagd, die Gr\u00e4fin wird: Hirten verbringen ihre N\u00e4chte unter freiem Himmel und lauschen auf die Welt. Sie sorgen f\u00fcr ihre Tiere, tanzen mit Ziegen, trinken klares Wasser und lassen sich von keinem noch so m\u00e4chtigen Herrscher verleiten, ihre eigene Wahrheit zu verraten.<br \/>\n<\/span><span class=\"s1\">Zwischen den Erz\u00e4hlungen, dem Wasserglucksen und Vogelgesang erklingen Fl\u00f6te und Maultrommel.<\/span><\/p>\n<p><span class=\"s1\">Eintritt: \u20ac 16,\u2013 f\u00fcr Erwachsene, \u20ac 10,\u2013 f\u00fcr Kinder, Erm\u00e4\u00dfigung f\u00fcr Familien mit mehr als einem Kind. Altersgrenze (bitte beachten)<span class=\"Apple-converted-space\">\u00a0ab 8 Jahren.<\/span><\/span><\/p>\n<p><span class=\"s1\">Mitbringen: Wanderschuhe, Sitzkissen, Regenschutz<br \/>\n<strong>leider nicht mit dem Rollstuhl m\u00f6glich<\/strong><br \/>\n<\/span><span class=\"s1\">Anmeldung:\u00a0<a href=\"mailto:frederik.mellak@aon.at\"><span class=\"s2\">frederik.mellak@aon.at<\/span><\/a>\u00a0 <a href=\"tel:+436509108888\">+43 650 9108888<\/a><\/span><\/p>\n<p><span class=\"s1\">Bei Regen findet die Veranstaltung als Erz\u00e4hlkonzert im Cursaaluntergescho\u00df statt<\/span><\/p>\n<p><span class=\"s1\">Das Wanderstockbild aus dem Buch <a href=\"https:\/\/frauwolle.at\/en_uk\/koenig-lichterloh\/\">&#8222;K\u00f6nig Lichterloh&#8220;<\/a> und wurde von <a href=\"http:\/\/www.byhand.at\/\">Almuth Mota<\/a> gemalt.<\/span><\/p>","protected":false},"excerpt":{"rendered":"<p>Hirten als Boten der Freiheit \u2013 Erz\u00e4hlkunstwanderung mit Frau Wolle und Frederik Mellak\u00a0 Vom mutigen Hirten mit den Sternenaugen, von der Birkenfee und der H\u00fchnermagd, die Gr\u00e4fin wird: Hirten verbringen [&hellip;]<\/p>\n","protected":false},"author":1,"featured_media":0,"comment_status":"closed","ping_status":"closed","template":"single-no-separators-wannwo","tags":[],"mec_category":[15,14],"class_list":["post-828","mec-events","type-mec-events","status-publish","hentry","mec_category-oeffentlich","mec_category-vergebene-termine"],"yoast_head":"<!-- This site is optimized with the Yoast SEO plugin v27.5 - https:\/\/yoast.com\/product\/yoast-seo-wordpress\/ -->\n<title>Wer das Leben liebt \u2026 Erz\u00e4hlkunstwanderung - M\u00e4rchenerz\u00e4hlerin Frau Wolle<\/title>\n<meta name=\"robots\" content=\"index, follow, max-snippet:-1, max-image-preview:large, max-video-preview:-1\" \/>\n<link rel=\"canonical\" href=\"https:\/\/frauwolle.at\/en_uk\/events\/ein-abend-gemeinsam-mit-frederik-mellak-619\/\" \/>\n<meta property=\"og:locale\" content=\"en_US\" \/>\n<meta property=\"og:type\" content=\"article\" \/>\n<meta property=\"og:title\" content=\"Wer das Leben liebt \u2026 Erz\u00e4hlkunstwanderung - M\u00e4rchenerz\u00e4hlerin Frau Wolle\" \/>\n<meta property=\"og:description\" content=\"Hirten als Boten der Freiheit \u2013 Erz\u00e4hlkunstwanderung mit Frau Wolle und Frederik Mellak\u00a0 Vom mutigen Hirten mit den Sternenaugen, von der Birkenfee und der H\u00fchnermagd, die Gr\u00e4fin wird: Hirten verbringen [&hellip;]\" \/>\n<meta property=\"og:url\" content=\"https:\/\/frauwolle.at\/en_uk\/events\/ein-abend-gemeinsam-mit-frederik-mellak-619\/\" \/>\n<meta property=\"og:site_name\" content=\"M\u00e4rchenerz\u00e4hlerin Frau Wolle\" \/>\n<meta property=\"article:modified_time\" content=\"2022-11-03T09:45:39+00:00\" \/>\n<meta property=\"og:image\" content=\"https:\/\/frauwolle.at\/wp-content\/uploads\/2022\/04\/Wanderbuendel-300x61.jpg\" \/>\n<meta name=\"twitter:card\" content=\"summary_large_image\" \/>\n<meta name=\"twitter:label1\" content=\"Est. reading time\" \/>\n\t<meta name=\"twitter:data1\" content=\"1 minute\" \/>\n<script type=\"application\/ld+json\" class=\"yoast-schema-graph\">{\"@context\":\"https:\\\/\\\/schema.org\",\"@graph\":[{\"@type\":\"WebPage\",\"@id\":\"https:\\\/\\\/frauwolle.at\\\/events\\\/ein-abend-gemeinsam-mit-frederik-mellak-619\\\/\",\"url\":\"https:\\\/\\\/frauwolle.at\\\/events\\\/ein-abend-gemeinsam-mit-frederik-mellak-619\\\/\",\"name\":\"Wer das Leben liebt \u2026 Erz\u00e4hlkunstwanderung - M\u00e4rchenerz\u00e4hlerin Frau Wolle\",\"isPartOf\":{\"@id\":\"https:\\\/\\\/frauwolle.at\\\/#website\"},\"primaryImageOfPage\":{\"@id\":\"https:\\\/\\\/frauwolle.at\\\/events\\\/ein-abend-gemeinsam-mit-frederik-mellak-619\\\/#primaryimage\"},\"image\":{\"@id\":\"https:\\\/\\\/frauwolle.at\\\/events\\\/ein-abend-gemeinsam-mit-frederik-mellak-619\\\/#primaryimage\"},\"thumbnailUrl\":\"https:\\\/\\\/frauwolle.at\\\/wp-content\\\/uploads\\\/2022\\\/04\\\/Wanderbuendel-300x61.jpg\",\"datePublished\":\"2022-04-22T14:43:24+00:00\",\"dateModified\":\"2022-11-03T09:45:39+00:00\",\"breadcrumb\":{\"@id\":\"https:\\\/\\\/frauwolle.at\\\/events\\\/ein-abend-gemeinsam-mit-frederik-mellak-619\\\/#breadcrumb\"},\"inLanguage\":\"en-UK\",\"potentialAction\":[{\"@type\":\"ReadAction\",\"target\":[\"https:\\\/\\\/frauwolle.at\\\/events\\\/ein-abend-gemeinsam-mit-frederik-mellak-619\\\/\"]}]},{\"@type\":\"ImageObject\",\"inLanguage\":\"en-UK\",\"@id\":\"https:\\\/\\\/frauwolle.at\\\/events\\\/ein-abend-gemeinsam-mit-frederik-mellak-619\\\/#primaryimage\",\"url\":\"https:\\\/\\\/frauwolle.at\\\/wp-content\\\/uploads\\\/2022\\\/04\\\/Wanderbuendel-300x61.jpg\",\"contentUrl\":\"https:\\\/\\\/frauwolle.at\\\/wp-content\\\/uploads\\\/2022\\\/04\\\/Wanderbuendel-300x61.jpg\"},{\"@type\":\"BreadcrumbList\",\"@id\":\"https:\\\/\\\/frauwolle.at\\\/events\\\/ein-abend-gemeinsam-mit-frederik-mellak-619\\\/#breadcrumb\",\"itemListElement\":[{\"@type\":\"ListItem\",\"position\":1,\"name\":\"Startseite\",\"item\":\"https:\\\/\\\/frauwolle.at\\\/\"},{\"@type\":\"ListItem\",\"position\":2,\"name\":\"Veranstaltungen\",\"item\":\"https:\\\/\\\/frauwolle.at\\\/events\\\/\"},{\"@type\":\"ListItem\",\"position\":3,\"name\":\"Wer das Leben liebt \u2026 Erz\u00e4hlkunstwanderung\"}]},{\"@type\":\"WebSite\",\"@id\":\"https:\\\/\\\/frauwolle.at\\\/#website\",\"url\":\"https:\\\/\\\/frauwolle.at\\\/\",\"name\":\"M\u00e4rchenerz\u00e4hlerin Frau Wolle\",\"description\":\"Erz\u00e4hlabende, B\u00fccher, Coaching\",\"publisher\":{\"@id\":\"https:\\\/\\\/frauwolle.at\\\/#\\\/schema\\\/person\\\/0b5b278292d8feda95d2b1707ce2c028\"},\"potentialAction\":[{\"@type\":\"SearchAction\",\"target\":{\"@type\":\"EntryPoint\",\"urlTemplate\":\"https:\\\/\\\/frauwolle.at\\\/?s={search_term_string}\"},\"query-input\":{\"@type\":\"PropertyValueSpecification\",\"valueRequired\":true,\"valueName\":\"search_term_string\"}}],\"inLanguage\":\"en-UK\"},{\"@type\":[\"Person\",\"Organization\"],\"@id\":\"https:\\\/\\\/frauwolle.at\\\/#\\\/schema\\\/person\\\/0b5b278292d8feda95d2b1707ce2c028\",\"name\":\"Frau Wolle\",\"image\":{\"@type\":\"ImageObject\",\"inLanguage\":\"en-UK\",\"@id\":\"https:\\\/\\\/frauwolle.at\\\/wp-content\\\/uploads\\\/2022\\\/07\\\/schriftzug-frau-wolle.png\",\"url\":\"https:\\\/\\\/frauwolle.at\\\/wp-content\\\/uploads\\\/2022\\\/07\\\/schriftzug-frau-wolle.png\",\"contentUrl\":\"https:\\\/\\\/frauwolle.at\\\/wp-content\\\/uploads\\\/2022\\\/07\\\/schriftzug-frau-wolle.png\",\"width\":1245,\"height\":412,\"caption\":\"Frau Wolle\"},\"logo\":{\"@id\":\"https:\\\/\\\/frauwolle.at\\\/wp-content\\\/uploads\\\/2022\\\/07\\\/schriftzug-frau-wolle.png\"},\"sameAs\":[\"https:\\\/\\\/www.youtube.com\\\/user\\\/FrauwolleKTscholl\"]}]}<\/script>\n<!-- \/ Yoast SEO plugin. -->","yoast_head_json":{"title":"Wer das Leben liebt \u2026 Erz\u00e4hlkunstwanderung - M\u00e4rchenerz\u00e4hlerin Frau Wolle","robots":{"index":"index","follow":"follow","max-snippet":"max-snippet:-1","max-image-preview":"max-image-preview:large","max-video-preview":"max-video-preview:-1"},"canonical":"https:\/\/frauwolle.at\/en_uk\/events\/ein-abend-gemeinsam-mit-frederik-mellak-619\/","og_locale":"en_US","og_type":"article","og_title":"Wer das Leben liebt \u2026 Erz\u00e4hlkunstwanderung - M\u00e4rchenerz\u00e4hlerin Frau Wolle","og_description":"Hirten als Boten der Freiheit \u2013 Erz\u00e4hlkunstwanderung mit Frau Wolle und Frederik Mellak\u00a0 Vom mutigen Hirten mit den Sternenaugen, von der Birkenfee und der H\u00fchnermagd, die Gr\u00e4fin wird: Hirten verbringen [&hellip;]","og_url":"https:\/\/frauwolle.at\/en_uk\/events\/ein-abend-gemeinsam-mit-frederik-mellak-619\/","og_site_name":"M\u00e4rchenerz\u00e4hlerin Frau Wolle","article_modified_time":"2022-11-03T09:45:39+00:00","og_image":[{"url":"https:\/\/frauwolle.at\/wp-content\/uploads\/2022\/04\/Wanderbuendel-300x61.jpg","type":"","width":"","height":""}],"twitter_card":"summary_large_image","twitter_misc":{"Est. reading time":"1 minute"},"schema":{"@context":"https:\/\/schema.org","@graph":[{"@type":"WebPage","@id":"https:\/\/frauwolle.at\/events\/ein-abend-gemeinsam-mit-frederik-mellak-619\/","url":"https:\/\/frauwolle.at\/events\/ein-abend-gemeinsam-mit-frederik-mellak-619\/","name":"Wer das Leben liebt \u2026 Erz\u00e4hlkunstwanderung - M\u00e4rchenerz\u00e4hlerin Frau Wolle","isPartOf":{"@id":"https:\/\/frauwolle.at\/#website"},"primaryImageOfPage":{"@id":"https:\/\/frauwolle.at\/events\/ein-abend-gemeinsam-mit-frederik-mellak-619\/#primaryimage"},"image":{"@id":"https:\/\/frauwolle.at\/events\/ein-abend-gemeinsam-mit-frederik-mellak-619\/#primaryimage"},"thumbnailUrl":"https:\/\/frauwolle.at\/wp-content\/uploads\/2022\/04\/Wanderbuendel-300x61.jpg","datePublished":"2022-04-22T14:43:24+00:00","dateModified":"2022-11-03T09:45:39+00:00","breadcrumb":{"@id":"https:\/\/frauwolle.at\/events\/ein-abend-gemeinsam-mit-frederik-mellak-619\/#breadcrumb"},"inLanguage":"en-UK","potentialAction":[{"@type":"ReadAction","target":["https:\/\/frauwolle.at\/events\/ein-abend-gemeinsam-mit-frederik-mellak-619\/"]}]},{"@type":"ImageObject","inLanguage":"en-UK","@id":"https:\/\/frauwolle.at\/events\/ein-abend-gemeinsam-mit-frederik-mellak-619\/#primaryimage","url":"https:\/\/frauwolle.at\/wp-content\/uploads\/2022\/04\/Wanderbuendel-300x61.jpg","contentUrl":"https:\/\/frauwolle.at\/wp-content\/uploads\/2022\/04\/Wanderbuendel-300x61.jpg"},{"@type":"BreadcrumbList","@id":"https:\/\/frauwolle.at\/events\/ein-abend-gemeinsam-mit-frederik-mellak-619\/#breadcrumb","itemListElement":[{"@type":"ListItem","position":1,"name":"Startseite","item":"https:\/\/frauwolle.at\/"},{"@type":"ListItem","position":2,"name":"Veranstaltungen","item":"https:\/\/frauwolle.at\/events\/"},{"@type":"ListItem","position":3,"name":"Wer das Leben liebt \u2026 Erz\u00e4hlkunstwanderung"}]},{"@type":"WebSite","@id":"https:\/\/frauwolle.at\/#website","url":"https:\/\/frauwolle.at\/","name":"Storyteller Frau Wolle","description":"Erz\u00e4hlabende, B\u00fccher, Coaching","publisher":{"@id":"https:\/\/frauwolle.at\/#\/schema\/person\/0b5b278292d8feda95d2b1707ce2c028"},"potentialAction":[{"@type":"SearchAction","target":{"@type":"EntryPoint","urlTemplate":"https:\/\/frauwolle.at\/?s={search_term_string}"},"query-input":{"@type":"PropertyValueSpecification","valueRequired":true,"valueName":"search_term_string"}}],"inLanguage":"en-UK"},{"@type":["Person","Organization"],"@id":"https:\/\/frauwolle.at\/#\/schema\/person\/0b5b278292d8feda95d2b1707ce2c028","name":"Frau Wolle","image":{"@type":"ImageObject","inLanguage":"en-UK","@id":"https:\/\/frauwolle.at\/wp-content\/uploads\/2022\/07\/schriftzug-frau-wolle.png","url":"https:\/\/frauwolle.at\/wp-content\/uploads\/2022\/07\/schriftzug-frau-wolle.png","contentUrl":"https:\/\/frauwolle.at\/wp-content\/uploads\/2022\/07\/schriftzug-frau-wolle.png","width":1245,"height":412,"caption":"Frau Wolle"},"logo":{"@id":"https:\/\/frauwolle.at\/wp-content\/uploads\/2022\/07\/schriftzug-frau-wolle.png"},"sameAs":["https:\/\/www.youtube.com\/user\/FrauwolleKTscholl"]}]}},"_links":{"self":[{"href":"https:\/\/frauwolle.at\/en_uk\/wp-json\/wp\/v2\/mec-events\/828","targetHints":{"allow":["GET"]}}],"collection":[{"href":"https:\/\/frauwolle.at\/en_uk\/wp-json\/wp\/v2\/mec-events"}],"about":[{"href":"https:\/\/frauwolle.at\/en_uk\/wp-json\/wp\/v2\/types\/mec-events"}],"author":[{"embeddable":true,"href":"https:\/\/frauwolle.at\/en_uk\/wp-json\/wp\/v2\/users\/1"}],"replies":[{"embeddable":true,"href":"https:\/\/frauwolle.at\/en_uk\/wp-json\/wp\/v2\/comments?post=828"}],"wp:attachment":[{"href":"https:\/\/frauwolle.at\/en_uk\/wp-json\/wp\/v2\/media?parent=828"}],"wp:term":[{"taxonomy":"post_tag","embeddable":true,"href":"https:\/\/frauwolle.at\/en_uk\/wp-json\/wp\/v2\/tags?post=828"},{"taxonomy":"mec_category","embeddable":true,"href":"https:\/\/frauwolle.at\/en_uk\/wp-json\/wp\/v2\/mec_category?post=828"}],"curies":[{"name":"wp","href":"https:\/\/api.w.org\/{rel}","templated":true}]}}